{"id":14685,"date":"2014-04-03T09:35:48","date_gmt":"2014-04-03T07:35:48","guid":{"rendered":"http:\/\/demo.qodeinteractive.com\/bridge\/?page_id=14661"},"modified":"2024-05-15T22:04:43","modified_gmt":"2024-05-15T20:04:43","slug":"portfolio-masonry","status":"publish","type":"page","link":"https:\/\/www.noserlight.ch\/home\/portfolio-masonry\/","title":{"rendered":"Portfolio \u00dcbersicht"},"content":{"rendered":"<div class=\"wpb-content-wrapper\"><p>[vc_row css_animation=&#8220;&#8220; row_type=&#8220;row&#8220; use_row_as_full_screen_section=&#8220;no&#8220; type=&#8220;grid&#8220; angled_section=&#8220;no&#8220; text_align=&#8220;left&#8220; background_image_as_pattern=&#8220;without_pattern&#8220; z_index=&#8220;&#8220;][vc_column][vc_separator type=&#8220;transparent&#8220; up=&#8220;30&#8243; down=&#8220;2&#8243;]<div class=\"projects_masonry_wrapper  \">\n    \n    <div class='filter_outer'>\n        <div class='filter_holder'>\n            <ul>\n                                    <li class='filter' data-filter='*'>                        <span >All<\/span>\n                    <\/li>\n                \n                                                <li class='filter' data-filter='.portfolio_category_148'>\n                                                        <span >Beleuchtungssysteme<\/span>\n                                    <\/li>\n                                                <li class='filter' data-filter='.portfolio_category_149'>\n                                                        <span >Lampen und Leuchten<\/span>\n                                    <\/li>\n                                                <li class='filter' data-filter='.portfolio_category_150'>\n                                                        <span >Leuchtmittel (vormals Gl\u00fchbirnen)<\/span>\n                                    <\/li>\n            \n            <\/ul>\n        <\/div>\n    <\/div>\n\n\n    <div class=\"projects_masonry_holder portfolio_main_holder portfolio_masonry_gallery_with_space gs4 \">\n\n            <div class=\"qode-portfolio-masonry-gallery-grid-sizer\"><\/div>\n            <div class=\"qode-portfolio-masonry-gallery-grid-gutter\"><\/div>\n\n            <article class='portfolio_masonry_item portfolio_category_149 default'>\n    \n    \n    \n    <div class='image_holder'>\n        <a itemprop='url' class='portfolio_link_for_touch' href='https:\/\/www.noserlight.ch\/home\/portfolio_page\/led-stehleuchten-flexible-lichtgestaltung-und-fokussierte-beleuchtung\/' target='\nWarning: Undefined variable $target in D:\\www\\www247\\home\\wp-content\\plugins\\bridge-core\\modules\\shortcodes\\shortcode-elements\\_portfolio-list\\templates\\portfolio-item-masonry_gallery_with_space.php on line 14\n'>\n            \n<span class='image'><img loading=\"lazy\" decoding=\"async\" width=\"500\" height=\"500\" src=\"https:\/\/www.noserlight.ch\/home\/wp-content\/uploads\/2024\/02\/NOSERLIGHT_OLIGOStehleuchteTrofeo-500x500.jpg\" class=\"attachment-portfolio_masonry_regular size-portfolio_masonry_regular wp-post-image\" alt=\"\" srcset=\"https:\/\/www.noserlight.ch\/home\/wp-content\/uploads\/2024\/02\/NOSERLIGHT_OLIGOStehleuchteTrofeo-500x500.jpg 500w, https:\/\/www.noserlight.ch\/home\/wp-content\/uploads\/2024\/02\/NOSERLIGHT_OLIGOStehleuchteTrofeo-300x300.jpg 300w, https:\/\/www.noserlight.ch\/home\/wp-content\/uploads\/2024\/02\/NOSERLIGHT_OLIGOStehleuchteTrofeo-1024x1024.jpg 1024w, https:\/\/www.noserlight.ch\/home\/wp-content\/uploads\/2024\/02\/NOSERLIGHT_OLIGOStehleuchteTrofeo-150x150.jpg 150w, https:\/\/www.noserlight.ch\/home\/wp-content\/uploads\/2024\/02\/NOSERLIGHT_OLIGOStehleuchteTrofeo-768x768.jpg 768w, https:\/\/www.noserlight.ch\/home\/wp-content\/uploads\/2024\/02\/NOSERLIGHT_OLIGOStehleuchteTrofeo-570x570.jpg 570w, https:\/\/www.noserlight.ch\/home\/wp-content\/uploads\/2024\/02\/NOSERLIGHT_OLIGOStehleuchteTrofeo-1000x1000.jpg 1000w, https:\/\/www.noserlight.ch\/home\/wp-content\/uploads\/2024\/02\/NOSERLIGHT_OLIGOStehleuchteTrofeo-700x700.jpg 700w, https:\/\/www.noserlight.ch\/home\/wp-content\/uploads\/2024\/02\/NOSERLIGHT_OLIGOStehleuchteTrofeo-650x650.jpg 650w, https:\/\/www.noserlight.ch\/home\/wp-content\/uploads\/2024\/02\/NOSERLIGHT_OLIGOStehleuchteTrofeo.jpg 1080w\" sizes=\"auto, (max-width: 500px) 100vw, 500px\" \/><\/span>        <\/a>\n\n        <span class='text_holder'>\n    <span class='text_outer'>\n        <span class='text_inner'>\n            <div class=\"hover_feature_holder_title\">\n                <div class=\"hover_feature_holder_title_inner\">\n                    \n                        \n    <h5 itemprop=\"name\" class=\"portfolio_title entry_title\"><a itemprop=\"url\" href=\"https:\/\/www.noserlight.ch\/home\/portfolio_page\/led-stehleuchten-flexible-lichtgestaltung-und-fokussierte-beleuchtung\/\"  target=\"_self\"> LED Stehleuchten &#8211; flexible Lichtgestaltung und fokussierte Beleuchtung<\/a><\/h5>\n\n\n                        \n                            <span class=\"project_category\"  >\n    Lampen und Leuchten    <\/span>\n\n                                    <\/div>\n            <\/div>\n\n            \n            <span class='feature_holder'>\n                <span class=\"feature_holder_icons\">\n\n                            <a itemprop='image' class='lightbox qbutton small white' title='LED Stehleuchten &#8211; flexible Lichtgestaltung und fokussierte Beleuchtung' href='https:\/\/www.noserlight.ch\/home\/wp-content\/uploads\/2024\/02\/NOSERLIGHT_OLIGOStehleuchteTrofeo.jpg' data-rel='prettyPhoto[pretty_photo_gallery]'>zoom<\/a>\n    \n                            <a itemprop='url' class='preview qbutton small white' href='https:\/\/www.noserlight.ch\/home\/portfolio_page\/led-stehleuchten-flexible-lichtgestaltung-und-fokussierte-beleuchtung\/' target='_self'>view<\/i><\/a>\n    \n                                    <\/span>\n            <\/span>\n\n            \n        <\/span>\n    <\/span>\n<\/span>\n\n    <\/article><article class='portfolio_masonry_item portfolio_category_2805 portfolio_category_150 default'>\n    \n    \n    \n    <div class='image_holder'>\n        <a itemprop='url' class='portfolio_link_for_touch' href='https:\/\/www.noserlight.ch\/home\/portfolio_page\/led-fuer-den-ersatz-von-halogenlampen\/' target=''>\n            \n<span class='image'><img loading=\"lazy\" decoding=\"async\" width=\"500\" height=\"500\" src=\"https:\/\/www.noserlight.ch\/home\/wp-content\/uploads\/2024\/01\/Noserlight_WebsiteRatgeberLampenverbot-500x500.gif\" class=\"attachment-portfolio_masonry_regular size-portfolio_masonry_regular wp-post-image\" alt=\"\" srcset=\"https:\/\/www.noserlight.ch\/home\/wp-content\/uploads\/2024\/01\/Noserlight_WebsiteRatgeberLampenverbot-500x500.gif 500w, https:\/\/www.noserlight.ch\/home\/wp-content\/uploads\/2024\/01\/Noserlight_WebsiteRatgeberLampenverbot-300x300.gif 300w, https:\/\/www.noserlight.ch\/home\/wp-content\/uploads\/2024\/01\/Noserlight_WebsiteRatgeberLampenverbot-1024x1024.gif 1024w, https:\/\/www.noserlight.ch\/home\/wp-content\/uploads\/2024\/01\/Noserlight_WebsiteRatgeberLampenverbot-150x150.gif 150w, https:\/\/www.noserlight.ch\/home\/wp-content\/uploads\/2024\/01\/Noserlight_WebsiteRatgeberLampenverbot-768x768.gif 768w, https:\/\/www.noserlight.ch\/home\/wp-content\/uploads\/2024\/01\/Noserlight_WebsiteRatgeberLampenverbot-570x570.gif 570w, https:\/\/www.noserlight.ch\/home\/wp-content\/uploads\/2024\/01\/Noserlight_WebsiteRatgeberLampenverbot-1000x1000.gif 1000w, https:\/\/www.noserlight.ch\/home\/wp-content\/uploads\/2024\/01\/Noserlight_WebsiteRatgeberLampenverbot-700x700.gif 700w, https:\/\/www.noserlight.ch\/home\/wp-content\/uploads\/2024\/01\/Noserlight_WebsiteRatgeberLampenverbot-650x650.gif 650w\" sizes=\"auto, (max-width: 500px) 100vw, 500px\" \/><\/span>        <\/a>\n\n        <span class='text_holder'>\n    <span class='text_outer'>\n        <span class='text_inner'>\n            <div class=\"hover_feature_holder_title\">\n                <div class=\"hover_feature_holder_title_inner\">\n                    \n                        \n    <h5 itemprop=\"name\" class=\"portfolio_title entry_title\"><a itemprop=\"url\" href=\"https:\/\/www.noserlight.ch\/home\/portfolio_page\/led-fuer-den-ersatz-von-halogenlampen\/\"  target=\"_self\"> LED f\u00fcr den Ersatz von Halogen und Sparlampen<\/a><\/h5>\n\n\n                        \n                            <span class=\"project_category\"  >\n    LED GU10 &amp; MR16, Leuchtmittel (vormals Gl\u00fchbirnen)    <\/span>\n\n                                    <\/div>\n            <\/div>\n\n            \n            <span class='feature_holder'>\n                <span class=\"feature_holder_icons\">\n\n                            <a itemprop='image' class='lightbox qbutton small white' title='LED f\u00fcr den Ersatz von Halogen und Sparlampen' href='https:\/\/www.noserlight.ch\/home\/wp-content\/uploads\/2024\/01\/Noserlight_WebsiteRatgeberLampenverbot.gif' data-rel='prettyPhoto[pretty_photo_gallery]'>zoom<\/a>\n    \n                            <a itemprop='url' class='preview qbutton small white' href='https:\/\/www.noserlight.ch\/home\/portfolio_page\/led-fuer-den-ersatz-von-halogenlampen\/' target='_self'>view<\/i><\/a>\n    \n                                    <\/span>\n            <\/span>\n\n            \n        <\/span>\n    <\/span>\n<\/span>\n\n    <\/article><article class='portfolio_masonry_item portfolio_category_2769 portfolio_category_150 default'>\n    \n    \n    \n    <div class='image_holder'>\n        <a itemprop='url' class='portfolio_link_for_touch' href='https:\/\/www.noserlight.ch\/home\/portfolio_page\/led-t8-roehren-ersatz-fuer-fl-roehren\/' target=''>\n            \n<span class='image'><img loading=\"lazy\" decoding=\"async\" width=\"500\" height=\"500\" src=\"https:\/\/www.noserlight.ch\/home\/wp-content\/uploads\/2023\/11\/NOSERLIGHT_UnterhaltmitLED-500x500.jpg\" class=\"attachment-portfolio_masonry_regular size-portfolio_masonry_regular wp-post-image\" alt=\"\" srcset=\"https:\/\/www.noserlight.ch\/home\/wp-content\/uploads\/2023\/11\/NOSERLIGHT_UnterhaltmitLED-500x500.jpg 500w, https:\/\/www.noserlight.ch\/home\/wp-content\/uploads\/2023\/11\/NOSERLIGHT_UnterhaltmitLED-300x300.jpg 300w, https:\/\/www.noserlight.ch\/home\/wp-content\/uploads\/2023\/11\/NOSERLIGHT_UnterhaltmitLED-1024x1024.jpg 1024w, https:\/\/www.noserlight.ch\/home\/wp-content\/uploads\/2023\/11\/NOSERLIGHT_UnterhaltmitLED-150x150.jpg 150w, https:\/\/www.noserlight.ch\/home\/wp-content\/uploads\/2023\/11\/NOSERLIGHT_UnterhaltmitLED-768x768.jpg 768w, https:\/\/www.noserlight.ch\/home\/wp-content\/uploads\/2023\/11\/NOSERLIGHT_UnterhaltmitLED-570x570.jpg 570w, https:\/\/www.noserlight.ch\/home\/wp-content\/uploads\/2023\/11\/NOSERLIGHT_UnterhaltmitLED-1000x1000.jpg 1000w, https:\/\/www.noserlight.ch\/home\/wp-content\/uploads\/2023\/11\/NOSERLIGHT_UnterhaltmitLED-700x700.jpg 700w, https:\/\/www.noserlight.ch\/home\/wp-content\/uploads\/2023\/11\/NOSERLIGHT_UnterhaltmitLED-650x650.jpg 650w, https:\/\/www.noserlight.ch\/home\/wp-content\/uploads\/2023\/11\/NOSERLIGHT_UnterhaltmitLED.jpg 1080w\" sizes=\"auto, (max-width: 500px) 100vw, 500px\" \/><\/span>        <\/a>\n\n        <span class='text_holder'>\n    <span class='text_outer'>\n        <span class='text_inner'>\n            <div class=\"hover_feature_holder_title\">\n                <div class=\"hover_feature_holder_title_inner\">\n                    \n                        \n    <h5 itemprop=\"name\" class=\"portfolio_title entry_title\"><a itemprop=\"url\" href=\"https:\/\/www.noserlight.ch\/home\/portfolio_page\/led-t8-roehren-ersatz-fuer-fl-roehren\/\"  target=\"_self\"> LED T8 R\u00f6hren &#8211; Ersatz f\u00fcr FL-R\u00f6hren in bestehenden Armaturen<\/a><\/h5>\n\n\n                        \n                            <span class=\"project_category\"  >\n    LED R\u00f6hren T8 &amp; T5, Leuchtmittel (vormals Gl\u00fchbirnen)    <\/span>\n\n                                    <\/div>\n            <\/div>\n\n            \n            <span class='feature_holder'>\n                <span class=\"feature_holder_icons\">\n\n                            <a itemprop='image' class='lightbox qbutton small white' title='LED T8 R\u00f6hren &#8211; Ersatz f\u00fcr FL-R\u00f6hren in bestehenden Armaturen' href='https:\/\/www.noserlight.ch\/home\/wp-content\/uploads\/2023\/11\/NOSERLIGHT_UnterhaltmitLED.jpg' data-rel='prettyPhoto[pretty_photo_gallery]'>zoom<\/a>\n    \n                            <a itemprop='url' class='preview qbutton small white' href='https:\/\/www.noserlight.ch\/home\/portfolio_page\/led-t8-roehren-ersatz-fuer-fl-roehren\/' target='_self'>view<\/i><\/a>\n    \n                                    <\/span>\n            <\/span>\n\n            \n        <\/span>\n    <\/span>\n<\/span>\n\n    <\/article><article class='portfolio_masonry_item portfolio_category_2354 portfolio_category_149 portfolio_category_2427 portfolio_category_2426 portfolio_category_2353 default'>\n    \n    \n    \n    <div class='image_holder'>\n        <a itemprop='url' class='portfolio_link_for_touch' href='https:\/\/www.noserlight.ch\/home\/portfolio_page\/led-einbauleuchten-dezentes-gutes-led-licht-von-der-decke\/' target=''>\n            \n<span class='image'><img loading=\"lazy\" decoding=\"async\" width=\"500\" height=\"500\" src=\"https:\/\/www.noserlight.ch\/home\/wp-content\/uploads\/2023\/11\/NOSERLEDEinbauleuchten-500x500.jpg\" class=\"attachment-portfolio_masonry_regular size-portfolio_masonry_regular wp-post-image\" alt=\"\" srcset=\"https:\/\/www.noserlight.ch\/home\/wp-content\/uploads\/2023\/11\/NOSERLEDEinbauleuchten-500x500.jpg 500w, https:\/\/www.noserlight.ch\/home\/wp-content\/uploads\/2023\/11\/NOSERLEDEinbauleuchten-300x300.jpg 300w, https:\/\/www.noserlight.ch\/home\/wp-content\/uploads\/2023\/11\/NOSERLEDEinbauleuchten-150x150.jpg 150w, https:\/\/www.noserlight.ch\/home\/wp-content\/uploads\/2023\/11\/NOSERLEDEinbauleuchten-570x570.jpg 570w, https:\/\/www.noserlight.ch\/home\/wp-content\/uploads\/2023\/11\/NOSERLEDEinbauleuchten.jpg 600w\" sizes=\"auto, (max-width: 500px) 100vw, 500px\" \/><\/span>        <\/a>\n\n        <span class='text_holder'>\n    <span class='text_outer'>\n        <span class='text_inner'>\n            <div class=\"hover_feature_holder_title\">\n                <div class=\"hover_feature_holder_title_inner\">\n                    \n                        \n    <h5 itemprop=\"name\" class=\"portfolio_title entry_title\"><a itemprop=\"url\" href=\"https:\/\/www.noserlight.ch\/home\/portfolio_page\/led-einbauleuchten-dezentes-gutes-led-licht-von-der-decke\/\"  target=\"_self\"> LED Einbauleuchten &#8211; dezentes, gutes LED Licht von der Decke<\/a><\/h5>\n\n\n                        \n                            <span class=\"project_category\"  >\n    iCone, Lampen und Leuchten, LED Einbauleuchten, LedsC4, OLIGO    <\/span>\n\n                                    <\/div>\n            <\/div>\n\n            \n            <span class='feature_holder'>\n                <span class=\"feature_holder_icons\">\n\n                            <a itemprop='image' class='lightbox qbutton small white' title='LED Einbauleuchten &#8211; dezentes, gutes LED Licht von der Decke' href='https:\/\/www.noserlight.ch\/home\/wp-content\/uploads\/2023\/11\/NOSERLEDEinbauleuchten.jpg' data-rel='prettyPhoto[pretty_photo_gallery]'>zoom<\/a>\n    \n                            <a itemprop='url' class='preview qbutton small white' href='https:\/\/www.noserlight.ch\/home\/portfolio_page\/led-einbauleuchten-dezentes-gutes-led-licht-von-der-decke\/' target='_self'>view<\/i><\/a>\n    \n                                    <\/span>\n            <\/span>\n\n            \n        <\/span>\n    <\/span>\n<\/span>\n\n    <\/article><article class='portfolio_masonry_item portfolio_category_148 portfolio_category_149 portfolio_category_2353 default'>\n    \n    \n    \n    <div class='image_holder'>\n        <a itemprop='url' class='portfolio_link_for_touch' href='https:\/\/www.noserlight.ch\/home\/portfolio_page\/oligo-feel-the-light-made-in-germany\/' target=''>\n            \n<span class='image'><img loading=\"lazy\" decoding=\"async\" width=\"500\" height=\"500\" src=\"https:\/\/www.noserlight.ch\/home\/wp-content\/uploads\/2014\/09\/GLANCE_EinzelleuchtenOligoLichttechnik-500x500.jpg\" class=\"attachment-portfolio_masonry_regular size-portfolio_masonry_regular wp-post-image\" alt=\"\" srcset=\"https:\/\/www.noserlight.ch\/home\/wp-content\/uploads\/2014\/09\/GLANCE_EinzelleuchtenOligoLichttechnik-500x500.jpg 500w, https:\/\/www.noserlight.ch\/home\/wp-content\/uploads\/2014\/09\/GLANCE_EinzelleuchtenOligoLichttechnik-300x300.jpg 300w, https:\/\/www.noserlight.ch\/home\/wp-content\/uploads\/2014\/09\/GLANCE_EinzelleuchtenOligoLichttechnik-1024x1024.jpg 1024w, https:\/\/www.noserlight.ch\/home\/wp-content\/uploads\/2014\/09\/GLANCE_EinzelleuchtenOligoLichttechnik-150x150.jpg 150w, https:\/\/www.noserlight.ch\/home\/wp-content\/uploads\/2014\/09\/GLANCE_EinzelleuchtenOligoLichttechnik-768x768.jpg 768w, https:\/\/www.noserlight.ch\/home\/wp-content\/uploads\/2014\/09\/GLANCE_EinzelleuchtenOligoLichttechnik-570x570.jpg 570w, https:\/\/www.noserlight.ch\/home\/wp-content\/uploads\/2014\/09\/GLANCE_EinzelleuchtenOligoLichttechnik-1000x1000.jpg 1000w, https:\/\/www.noserlight.ch\/home\/wp-content\/uploads\/2014\/09\/GLANCE_EinzelleuchtenOligoLichttechnik-700x700.jpg 700w, https:\/\/www.noserlight.ch\/home\/wp-content\/uploads\/2014\/09\/GLANCE_EinzelleuchtenOligoLichttechnik-650x650.jpg 650w, https:\/\/www.noserlight.ch\/home\/wp-content\/uploads\/2014\/09\/GLANCE_EinzelleuchtenOligoLichttechnik.jpg 1080w\" sizes=\"auto, (max-width: 500px) 100vw, 500px\" \/><\/span>        <\/a>\n\n        <span class='text_holder'>\n    <span class='text_outer'>\n        <span class='text_inner'>\n            <div class=\"hover_feature_holder_title\">\n                <div class=\"hover_feature_holder_title_inner\">\n                    \n                        \n    <h5 itemprop=\"name\" class=\"portfolio_title entry_title\"><a itemprop=\"url\" href=\"https:\/\/www.noserlight.ch\/home\/portfolio_page\/oligo-feel-the-light-made-in-germany\/\"  target=\"_self\"> OLIGO: FEEL THE LIGHT \u2013 MADE IN GERMANY<\/a><\/h5>\n\n\n                        \n                            <span class=\"project_category\"  >\n    Beleuchtungssysteme, Lampen und Leuchten, OLIGO    <\/span>\n\n                                    <\/div>\n            <\/div>\n\n            \n            <span class='feature_holder'>\n                <span class=\"feature_holder_icons\">\n\n                            <a itemprop='image' class='lightbox qbutton small white' title='OLIGO: FEEL THE LIGHT \u2013 MADE IN GERMANY' href='https:\/\/www.noserlight.ch\/home\/wp-content\/uploads\/2014\/09\/GLANCE_EinzelleuchtenOligoLichttechnik.jpg' data-rel='prettyPhoto[pretty_photo_gallery]'>zoom<\/a>\n    \n                            <a itemprop='url' class='preview qbutton small white' href='https:\/\/www.noserlight.ch\/home\/portfolio_page\/oligo-feel-the-light-made-in-germany\/' target='_self'>view<\/i><\/a>\n    \n                                    <\/span>\n            <\/span>\n\n            \n        <\/span>\n    <\/span>\n<\/span>\n\n    <\/article><article class='portfolio_masonry_item portfolio_category_150 default'>\n    \n    \n    \n    <div class='image_holder'>\n        <a itemprop='url' class='portfolio_link_for_touch' href='https:\/\/www.noserlight.ch\/home\/portfolio_page\/ledbirnenroehenundanereleuchtmittel\/' target=''>\n            \n<span class='image'><img loading=\"lazy\" decoding=\"async\" width=\"500\" height=\"500\" src=\"https:\/\/www.noserlight.ch\/home\/wp-content\/uploads\/2023\/02\/NOSERLIGHT_LEDFilamentST64-500x500.jpg\" class=\"attachment-portfolio_masonry_regular size-portfolio_masonry_regular wp-post-image\" alt=\"\" srcset=\"https:\/\/www.noserlight.ch\/home\/wp-content\/uploads\/2023\/02\/NOSERLIGHT_LEDFilamentST64-500x500.jpg 500w, https:\/\/www.noserlight.ch\/home\/wp-content\/uploads\/2023\/02\/NOSERLIGHT_LEDFilamentST64-300x300.jpg 300w, https:\/\/www.noserlight.ch\/home\/wp-content\/uploads\/2023\/02\/NOSERLIGHT_LEDFilamentST64-1024x1024.jpg 1024w, https:\/\/www.noserlight.ch\/home\/wp-content\/uploads\/2023\/02\/NOSERLIGHT_LEDFilamentST64-150x150.jpg 150w, https:\/\/www.noserlight.ch\/home\/wp-content\/uploads\/2023\/02\/NOSERLIGHT_LEDFilamentST64-768x768.jpg 768w, https:\/\/www.noserlight.ch\/home\/wp-content\/uploads\/2023\/02\/NOSERLIGHT_LEDFilamentST64-570x570.jpg 570w, https:\/\/www.noserlight.ch\/home\/wp-content\/uploads\/2023\/02\/NOSERLIGHT_LEDFilamentST64-1000x1000.jpg 1000w, https:\/\/www.noserlight.ch\/home\/wp-content\/uploads\/2023\/02\/NOSERLIGHT_LEDFilamentST64-700x700.jpg 700w, https:\/\/www.noserlight.ch\/home\/wp-content\/uploads\/2023\/02\/NOSERLIGHT_LEDFilamentST64-650x650.jpg 650w, https:\/\/www.noserlight.ch\/home\/wp-content\/uploads\/2023\/02\/NOSERLIGHT_LEDFilamentST64.jpg 1080w\" sizes=\"auto, (max-width: 500px) 100vw, 500px\" \/><\/span>        <\/a>\n\n        <span class='text_holder'>\n    <span class='text_outer'>\n        <span class='text_inner'>\n            <div class=\"hover_feature_holder_title\">\n                <div class=\"hover_feature_holder_title_inner\">\n                    \n                        \n    <h5 itemprop=\"name\" class=\"portfolio_title entry_title\"><a itemprop=\"url\" href=\"https:\/\/www.noserlight.ch\/home\/portfolio_page\/ledbirnenroehenundanereleuchtmittel\/\"  target=\"_self\"> Birnen, R\u00f6hren &#038; andere Leuchtmittel<\/a><\/h5>\n\n\n                        \n                            <span class=\"project_category\"  >\n    Leuchtmittel (vormals Gl\u00fchbirnen)    <\/span>\n\n                                    <\/div>\n            <\/div>\n\n            \n            <span class='feature_holder'>\n                <span class=\"feature_holder_icons\">\n\n                            <a itemprop='image' class='lightbox qbutton small white' title='Birnen, R\u00f6hren &#038; andere Leuchtmittel' href='https:\/\/www.noserlight.ch\/home\/wp-content\/uploads\/2023\/02\/NOSERLIGHT_LEDFilamentST64.jpg' data-rel='prettyPhoto[pretty_photo_gallery]'>zoom<\/a>\n    \n                            <a itemprop='url' class='preview qbutton small white' href='https:\/\/www.noserlight.ch\/home\/portfolio_page\/ledbirnenroehenundanereleuchtmittel\/' target='_self'>view<\/i><\/a>\n    \n                                    <\/span>\n            <\/span>\n\n            \n        <\/span>\n    <\/span>\n<\/span>\n\n    <\/article><article class='portfolio_masonry_item portfolio_category_2354 portfolio_category_149 portfolio_category_2427 portfolio_category_2426 portfolio_category_2637 portfolio_category_2353 default'>\n    \n    \n    \n    <div class='image_holder'>\n        <a itemprop='url' class='portfolio_link_for_touch' href='https:\/\/www.noserlight.ch\/home\/portfolio_page\/led-leuchten-fuer-decken-und-waende\/' target=''>\n            \n<span class='image'><img loading=\"lazy\" decoding=\"async\" width=\"500\" height=\"500\" src=\"https:\/\/www.noserlight.ch\/home\/wp-content\/uploads\/2023\/03\/NOSERLIGHT_LEDDeckenleuchtenOffice-500x500.jpg\" class=\"attachment-portfolio_masonry_regular size-portfolio_masonry_regular wp-post-image\" alt=\"\" srcset=\"https:\/\/www.noserlight.ch\/home\/wp-content\/uploads\/2023\/03\/NOSERLIGHT_LEDDeckenleuchtenOffice-500x500.jpg 500w, https:\/\/www.noserlight.ch\/home\/wp-content\/uploads\/2023\/03\/NOSERLIGHT_LEDDeckenleuchtenOffice-300x300.jpg 300w, https:\/\/www.noserlight.ch\/home\/wp-content\/uploads\/2023\/03\/NOSERLIGHT_LEDDeckenleuchtenOffice-1024x1024.jpg 1024w, https:\/\/www.noserlight.ch\/home\/wp-content\/uploads\/2023\/03\/NOSERLIGHT_LEDDeckenleuchtenOffice-150x150.jpg 150w, https:\/\/www.noserlight.ch\/home\/wp-content\/uploads\/2023\/03\/NOSERLIGHT_LEDDeckenleuchtenOffice-768x768.jpg 768w, https:\/\/www.noserlight.ch\/home\/wp-content\/uploads\/2023\/03\/NOSERLIGHT_LEDDeckenleuchtenOffice-570x570.jpg 570w, https:\/\/www.noserlight.ch\/home\/wp-content\/uploads\/2023\/03\/NOSERLIGHT_LEDDeckenleuchtenOffice-1000x1000.jpg 1000w, https:\/\/www.noserlight.ch\/home\/wp-content\/uploads\/2023\/03\/NOSERLIGHT_LEDDeckenleuchtenOffice-700x700.jpg 700w, https:\/\/www.noserlight.ch\/home\/wp-content\/uploads\/2023\/03\/NOSERLIGHT_LEDDeckenleuchtenOffice-650x650.jpg 650w, https:\/\/www.noserlight.ch\/home\/wp-content\/uploads\/2023\/03\/NOSERLIGHT_LEDDeckenleuchtenOffice.jpg 1080w\" sizes=\"auto, (max-width: 500px) 100vw, 500px\" \/><\/span>        <\/a>\n\n        <span class='text_holder'>\n    <span class='text_outer'>\n        <span class='text_inner'>\n            <div class=\"hover_feature_holder_title\">\n                <div class=\"hover_feature_holder_title_inner\">\n                    \n                        \n    <h5 itemprop=\"name\" class=\"portfolio_title entry_title\"><a itemprop=\"url\" href=\"https:\/\/www.noserlight.ch\/home\/portfolio_page\/led-leuchten-fuer-decken-und-waende\/\"  target=\"_self\"> LED LEUCHTEN F\u00dcR DECKEN UND W\u00c4NDE<\/a><\/h5>\n\n\n                        \n                            <span class=\"project_category\"  >\n    iCone, Lampen und Leuchten, LED Einbauleuchten, LedsC4, NOSER, OLIGO    <\/span>\n\n                                    <\/div>\n            <\/div>\n\n            \n            <span class='feature_holder'>\n                <span class=\"feature_holder_icons\">\n\n                            <a itemprop='image' class='lightbox qbutton small white' title='LED LEUCHTEN F\u00dcR DECKEN UND W\u00c4NDE' href='https:\/\/www.noserlight.ch\/home\/wp-content\/uploads\/2023\/03\/NOSERLIGHT_LEDDeckenleuchtenOffice.jpg' data-rel='prettyPhoto[pretty_photo_gallery]'>zoom<\/a>\n    \n                            <a itemprop='url' class='preview qbutton small white' href='https:\/\/www.noserlight.ch\/home\/portfolio_page\/led-leuchten-fuer-decken-und-waende\/' target='_self'>view<\/i><\/a>\n    \n                                    <\/span>\n            <\/span>\n\n            \n        <\/span>\n    <\/span>\n<\/span>\n\n    <\/article><article class='portfolio_masonry_item portfolio_category_148 portfolio_category_2636 default'>\n    \n    \n    \n    <div class='image_holder'>\n        <a itemprop='url' class='portfolio_link_for_touch' href='https:\/\/www.noserlight.ch\/home\/portfolio_page\/das-noser-euro-track-3-0-smartes-flexibles-beleuchtungssystem\/' target=''>\n            \n<span class='image'><img loading=\"lazy\" decoding=\"async\" width=\"500\" height=\"500\" src=\"https:\/\/www.noserlight.ch\/home\/wp-content\/uploads\/2023\/01\/NOSER_EuroTrackExhibitions-500x500.jpg\" class=\"attachment-portfolio_masonry_regular size-portfolio_masonry_regular wp-post-image\" alt=\"\" srcset=\"https:\/\/www.noserlight.ch\/home\/wp-content\/uploads\/2023\/01\/NOSER_EuroTrackExhibitions-500x500.jpg 500w, https:\/\/www.noserlight.ch\/home\/wp-content\/uploads\/2023\/01\/NOSER_EuroTrackExhibitions-300x300.jpg 300w, https:\/\/www.noserlight.ch\/home\/wp-content\/uploads\/2023\/01\/NOSER_EuroTrackExhibitions-1024x1024.jpg 1024w, https:\/\/www.noserlight.ch\/home\/wp-content\/uploads\/2023\/01\/NOSER_EuroTrackExhibitions-150x150.jpg 150w, https:\/\/www.noserlight.ch\/home\/wp-content\/uploads\/2023\/01\/NOSER_EuroTrackExhibitions-768x768.jpg 768w, https:\/\/www.noserlight.ch\/home\/wp-content\/uploads\/2023\/01\/NOSER_EuroTrackExhibitions-570x570.jpg 570w, https:\/\/www.noserlight.ch\/home\/wp-content\/uploads\/2023\/01\/NOSER_EuroTrackExhibitions-1000x1000.jpg 1000w, https:\/\/www.noserlight.ch\/home\/wp-content\/uploads\/2023\/01\/NOSER_EuroTrackExhibitions-700x700.jpg 700w, https:\/\/www.noserlight.ch\/home\/wp-content\/uploads\/2023\/01\/NOSER_EuroTrackExhibitions-650x650.jpg 650w, https:\/\/www.noserlight.ch\/home\/wp-content\/uploads\/2023\/01\/NOSER_EuroTrackExhibitions.jpg 1080w\" sizes=\"auto, (max-width: 500px) 100vw, 500px\" \/><\/span>        <\/a>\n\n        <span class='text_holder'>\n    <span class='text_outer'>\n        <span class='text_inner'>\n            <div class=\"hover_feature_holder_title\">\n                <div class=\"hover_feature_holder_title_inner\">\n                    \n                        \n    <h5 itemprop=\"name\" class=\"portfolio_title entry_title\"><a itemprop=\"url\" href=\"https:\/\/www.noserlight.ch\/home\/portfolio_page\/das-noser-euro-track-3-0-smartes-flexibles-beleuchtungssystem\/\"  target=\"_self\"> DAS NOSER EURO \u2013 TRACK 3.0: SMARTES, FLEXIBLES BELEUCHTUNGSSYSTEM<\/a><\/h5>\n\n\n                        \n                            <span class=\"project_category\"  >\n    Beleuchtungssysteme, NOSER    <\/span>\n\n                                    <\/div>\n            <\/div>\n\n            \n            <span class='feature_holder'>\n                <span class=\"feature_holder_icons\">\n\n                            <a itemprop='image' class='lightbox qbutton small white' title='DAS NOSER EURO \u2013 TRACK 3.0: SMARTES, FLEXIBLES BELEUCHTUNGSSYSTEM' href='https:\/\/www.noserlight.ch\/home\/wp-content\/uploads\/2023\/01\/NOSER_EuroTrackExhibitions.jpg' data-rel='prettyPhoto[pretty_photo_gallery]'>zoom<\/a>\n    \n                            <a itemprop='url' class='preview qbutton small white' href='https:\/\/www.noserlight.ch\/home\/portfolio_page\/das-noser-euro-track-3-0-smartes-flexibles-beleuchtungssystem\/' target='_self'>view<\/i><\/a>\n    \n                                    <\/span>\n            <\/span>\n\n            \n        <\/span>\n    <\/span>\n<\/span>\n\n    <\/article><article class='portfolio_masonry_item portfolio_category_148 portfolio_category_2355 portfolio_category_2426 default'>\n    \n    \n    \n    <div class='image_holder'>\n        <a itemprop='url' class='portfolio_link_for_touch' href='https:\/\/www.noserlight.ch\/home\/portfolio_page\/ledsc4-licht-design-mit-spanischem-feuer\/' target=''>\n            \n<span class='image'><img loading=\"lazy\" decoding=\"async\" width=\"500\" height=\"500\" src=\"https:\/\/www.noserlight.ch\/home\/wp-content\/uploads\/2023\/01\/LEDC_C4DesigualShoplighting-500x500.jpg\" class=\"attachment-portfolio_masonry_regular size-portfolio_masonry_regular wp-post-image\" alt=\"\" srcset=\"https:\/\/www.noserlight.ch\/home\/wp-content\/uploads\/2023\/01\/LEDC_C4DesigualShoplighting-500x500.jpg 500w, https:\/\/www.noserlight.ch\/home\/wp-content\/uploads\/2023\/01\/LEDC_C4DesigualShoplighting-300x300.jpg 300w, https:\/\/www.noserlight.ch\/home\/wp-content\/uploads\/2023\/01\/LEDC_C4DesigualShoplighting-1024x1024.jpg 1024w, https:\/\/www.noserlight.ch\/home\/wp-content\/uploads\/2023\/01\/LEDC_C4DesigualShoplighting-150x150.jpg 150w, https:\/\/www.noserlight.ch\/home\/wp-content\/uploads\/2023\/01\/LEDC_C4DesigualShoplighting-768x768.jpg 768w, https:\/\/www.noserlight.ch\/home\/wp-content\/uploads\/2023\/01\/LEDC_C4DesigualShoplighting-570x570.jpg 570w, https:\/\/www.noserlight.ch\/home\/wp-content\/uploads\/2023\/01\/LEDC_C4DesigualShoplighting-1000x1000.jpg 1000w, https:\/\/www.noserlight.ch\/home\/wp-content\/uploads\/2023\/01\/LEDC_C4DesigualShoplighting-700x700.jpg 700w, https:\/\/www.noserlight.ch\/home\/wp-content\/uploads\/2023\/01\/LEDC_C4DesigualShoplighting-650x650.jpg 650w, https:\/\/www.noserlight.ch\/home\/wp-content\/uploads\/2023\/01\/LEDC_C4DesigualShoplighting.jpg 1080w\" sizes=\"auto, (max-width: 500px) 100vw, 500px\" \/><\/span>        <\/a>\n\n        <span class='text_holder'>\n    <span class='text_outer'>\n        <span class='text_inner'>\n            <div class=\"hover_feature_holder_title\">\n                <div class=\"hover_feature_holder_title_inner\">\n                    \n                        \n    <h5 itemprop=\"name\" class=\"portfolio_title entry_title\"><a itemprop=\"url\" href=\"https:\/\/www.noserlight.ch\/home\/portfolio_page\/ledsc4-licht-design-mit-spanischem-feuer\/\"  target=\"_self\"> LedsC4: LICHT DESIGN MIT SPANISCHEM FEUER<\/a><\/h5>\n\n\n                        \n                            <span class=\"project_category\"  >\n    Beleuchtungssysteme, LedsC4, LedsC4    <\/span>\n\n                                    <\/div>\n            <\/div>\n\n            \n            <span class='feature_holder'>\n                <span class=\"feature_holder_icons\">\n\n                            <a itemprop='image' class='lightbox qbutton small white' title='LedsC4: LICHT DESIGN MIT SPANISCHEM FEUER' href='https:\/\/www.noserlight.ch\/home\/wp-content\/uploads\/2023\/01\/LEDC_C4DesigualShoplighting.jpg' data-rel='prettyPhoto[pretty_photo_gallery]'>zoom<\/a>\n    \n                            <a itemprop='url' class='preview qbutton small white' href='https:\/\/www.noserlight.ch\/home\/portfolio_page\/ledsc4-licht-design-mit-spanischem-feuer\/' target='_self'>view<\/i><\/a>\n    \n                                    <\/span>\n            <\/span>\n\n            \n        <\/span>\n    <\/span>\n<\/span>\n\n    <\/article><article class='portfolio_masonry_item portfolio_category_148 portfolio_category_149 default'>\n    \n    \n    \n    <div class='image_holder'>\n        <a itemprop='url' class='portfolio_link_for_touch' href='https:\/\/www.noserlight.ch\/home\/portfolio_page\/led-strips-raumlicht-mit-wirkung\/' target=''>\n            \n<span class='image'><img loading=\"lazy\" decoding=\"async\" width=\"500\" height=\"500\" src=\"https:\/\/www.noserlight.ch\/home\/wp-content\/uploads\/2023\/11\/LEDArchitecturalSystems-500x500.jpg\" class=\"attachment-portfolio_masonry_regular size-portfolio_masonry_regular wp-post-image\" alt=\"\" srcset=\"https:\/\/www.noserlight.ch\/home\/wp-content\/uploads\/2023\/11\/LEDArchitecturalSystems-500x500.jpg 500w, https:\/\/www.noserlight.ch\/home\/wp-content\/uploads\/2023\/11\/LEDArchitecturalSystems-150x150.jpg 150w, https:\/\/www.noserlight.ch\/home\/wp-content\/uploads\/2023\/11\/LEDArchitecturalSystems-570x570.jpg 570w, https:\/\/www.noserlight.ch\/home\/wp-content\/uploads\/2023\/11\/LEDArchitecturalSystems-1000x1000.jpg 1000w, https:\/\/www.noserlight.ch\/home\/wp-content\/uploads\/2023\/11\/LEDArchitecturalSystems-650x650.jpg 650w, https:\/\/www.noserlight.ch\/home\/wp-content\/uploads\/2023\/11\/LEDArchitecturalSystems-1300x1300.jpg 1300w\" sizes=\"auto, (max-width: 500px) 100vw, 500px\" \/><\/span>        <\/a>\n\n        <span class='text_holder'>\n    <span class='text_outer'>\n        <span class='text_inner'>\n            <div class=\"hover_feature_holder_title\">\n                <div class=\"hover_feature_holder_title_inner\">\n                    \n                        \n    <h5 itemprop=\"name\" class=\"portfolio_title entry_title\"><a itemprop=\"url\" href=\"https:\/\/www.noserlight.ch\/home\/portfolio_page\/led-strips-raumlicht-mit-wirkung\/\"  target=\"_self\"> LED Strips &#8211; Licht mit Wirkung, von dezent Ambient zu Raumlicht<\/a><\/h5>\n\n\n                        \n                            <span class=\"project_category\"  >\n    Beleuchtungssysteme, Lampen und Leuchten    <\/span>\n\n                                    <\/div>\n            <\/div>\n\n            \n            <span class='feature_holder'>\n                <span class=\"feature_holder_icons\">\n\n                            <a itemprop='image' class='lightbox qbutton small white' title='LED Strips &#8211; Licht mit Wirkung, von dezent Ambient zu Raumlicht' href='https:\/\/www.noserlight.ch\/home\/wp-content\/uploads\/2023\/11\/LEDArchitecturalSystems.jpg' data-rel='prettyPhoto[pretty_photo_gallery]'>zoom<\/a>\n    \n                            <a itemprop='url' class='preview qbutton small white' href='https:\/\/www.noserlight.ch\/home\/portfolio_page\/led-strips-raumlicht-mit-wirkung\/' target='_self'>view<\/i><\/a>\n    \n                                    <\/span>\n            <\/span>\n\n            \n        <\/span>\n    <\/span>\n<\/span>\n\n    <\/article><article class='portfolio_masonry_item portfolio_category_2675 portfolio_category_2659 default'>\n    \n    \n    \n    <div class='image_holder'>\n        <a itemprop='url' class='portfolio_link_for_touch' href='https:\/\/www.noserlight.ch\/home\/portfolio_page\/kerzenlampen-fuer-brilliante-kronleuchter\/' target=''>\n            \n<span class='image'><img loading=\"lazy\" decoding=\"async\" width=\"500\" height=\"500\" src=\"https:\/\/www.noserlight.ch\/home\/wp-content\/uploads\/2023\/11\/NOSERLIGHT_LEDKerzenlampenKronleuchter4-500x500.jpg\" class=\"attachment-portfolio_masonry_regular size-portfolio_masonry_regular wp-post-image\" alt=\"\" srcset=\"https:\/\/www.noserlight.ch\/home\/wp-content\/uploads\/2023\/11\/NOSERLIGHT_LEDKerzenlampenKronleuchter4-500x500.jpg 500w, https:\/\/www.noserlight.ch\/home\/wp-content\/uploads\/2023\/11\/NOSERLIGHT_LEDKerzenlampenKronleuchter4-300x300.jpg 300w, https:\/\/www.noserlight.ch\/home\/wp-content\/uploads\/2023\/11\/NOSERLIGHT_LEDKerzenlampenKronleuchter4-1024x1024.jpg 1024w, https:\/\/www.noserlight.ch\/home\/wp-content\/uploads\/2023\/11\/NOSERLIGHT_LEDKerzenlampenKronleuchter4-150x150.jpg 150w, https:\/\/www.noserlight.ch\/home\/wp-content\/uploads\/2023\/11\/NOSERLIGHT_LEDKerzenlampenKronleuchter4-768x768.jpg 768w, https:\/\/www.noserlight.ch\/home\/wp-content\/uploads\/2023\/11\/NOSERLIGHT_LEDKerzenlampenKronleuchter4-570x570.jpg 570w, https:\/\/www.noserlight.ch\/home\/wp-content\/uploads\/2023\/11\/NOSERLIGHT_LEDKerzenlampenKronleuchter4-1000x1000.jpg 1000w, https:\/\/www.noserlight.ch\/home\/wp-content\/uploads\/2023\/11\/NOSERLIGHT_LEDKerzenlampenKronleuchter4-700x700.jpg 700w, https:\/\/www.noserlight.ch\/home\/wp-content\/uploads\/2023\/11\/NOSERLIGHT_LEDKerzenlampenKronleuchter4-650x650.jpg 650w, https:\/\/www.noserlight.ch\/home\/wp-content\/uploads\/2023\/11\/NOSERLIGHT_LEDKerzenlampenKronleuchter4.jpg 1080w\" sizes=\"auto, (max-width: 500px) 100vw, 500px\" \/><\/span>        <\/a>\n\n        <span class='text_holder'>\n    <span class='text_outer'>\n        <span class='text_inner'>\n            <div class=\"hover_feature_holder_title\">\n                <div class=\"hover_feature_holder_title_inner\">\n                    \n                        \n    <h5 itemprop=\"name\" class=\"portfolio_title entry_title\"><a itemprop=\"url\" href=\"https:\/\/www.noserlight.ch\/home\/portfolio_page\/kerzenlampen-fuer-brilliante-kronleuchter\/\"  target=\"_self\"> KERZENLAMPEN F\u00dcR BRILLIANTE KRONLEUCHTER<\/a><\/h5>\n\n\n                        \n                            <span class=\"project_category\"  >\n    LED Kerzenlampen, Standard LED Gl\u00fchlampen    <\/span>\n\n                                    <\/div>\n            <\/div>\n\n            \n            <span class='feature_holder'>\n                <span class=\"feature_holder_icons\">\n\n                            <a itemprop='image' class='lightbox qbutton small white' title='KERZENLAMPEN F\u00dcR BRILLIANTE KRONLEUCHTER' href='https:\/\/www.noserlight.ch\/home\/wp-content\/uploads\/2023\/11\/NOSERLIGHT_LEDKerzenlampenKronleuchter4.jpg' data-rel='prettyPhoto[pretty_photo_gallery]'>zoom<\/a>\n    \n                            <a itemprop='url' class='preview qbutton small white' href='https:\/\/www.noserlight.ch\/home\/portfolio_page\/kerzenlampen-fuer-brilliante-kronleuchter\/' target='_self'>view<\/i><\/a>\n    \n                                    <\/span>\n            <\/span>\n\n            \n        <\/span>\n    <\/span>\n<\/span>\n\n    <\/article><article class='portfolio_masonry_item portfolio_category_150 default'>\n    \n    \n    \n    <div class='image_holder'>\n        <a itemprop='url' class='portfolio_link_for_touch' href='https:\/\/www.noserlight.ch\/home\/portfolio_page\/soffitten-und-linienlampen\/' target=''>\n            \n<span class='image'><img loading=\"lazy\" decoding=\"async\" width=\"500\" height=\"500\" src=\"https:\/\/www.noserlight.ch\/home\/wp-content\/uploads\/2023\/01\/DECOR_WALTHER_Omegajpg-500x500.jpg\" class=\"attachment-portfolio_masonry_regular size-portfolio_masonry_regular wp-post-image\" alt=\"\" srcset=\"https:\/\/www.noserlight.ch\/home\/wp-content\/uploads\/2023\/01\/DECOR_WALTHER_Omegajpg-500x500.jpg 500w, https:\/\/www.noserlight.ch\/home\/wp-content\/uploads\/2023\/01\/DECOR_WALTHER_Omegajpg-300x300.jpg 300w, https:\/\/www.noserlight.ch\/home\/wp-content\/uploads\/2023\/01\/DECOR_WALTHER_Omegajpg-1024x1024.jpg 1024w, https:\/\/www.noserlight.ch\/home\/wp-content\/uploads\/2023\/01\/DECOR_WALTHER_Omegajpg-150x150.jpg 150w, https:\/\/www.noserlight.ch\/home\/wp-content\/uploads\/2023\/01\/DECOR_WALTHER_Omegajpg-768x768.jpg 768w, https:\/\/www.noserlight.ch\/home\/wp-content\/uploads\/2023\/01\/DECOR_WALTHER_Omegajpg-570x570.jpg 570w, https:\/\/www.noserlight.ch\/home\/wp-content\/uploads\/2023\/01\/DECOR_WALTHER_Omegajpg-1000x1000.jpg 1000w, https:\/\/www.noserlight.ch\/home\/wp-content\/uploads\/2023\/01\/DECOR_WALTHER_Omegajpg-700x700.jpg 700w, https:\/\/www.noserlight.ch\/home\/wp-content\/uploads\/2023\/01\/DECOR_WALTHER_Omegajpg-650x650.jpg 650w, https:\/\/www.noserlight.ch\/home\/wp-content\/uploads\/2023\/01\/DECOR_WALTHER_Omegajpg.jpg 1080w\" sizes=\"auto, (max-width: 500px) 100vw, 500px\" \/><\/span>        <\/a>\n\n        <span class='text_holder'>\n    <span class='text_outer'>\n        <span class='text_inner'>\n            <div class=\"hover_feature_holder_title\">\n                <div class=\"hover_feature_holder_title_inner\">\n                    \n                        \n    <h5 itemprop=\"name\" class=\"portfolio_title entry_title\"><a itemprop=\"url\" href=\"https:\/\/www.noserlight.ch\/home\/portfolio_page\/soffitten-und-linienlampen\/\"  target=\"_self\"> SOFFITTEN UND LINIENLAMPEN<\/a><\/h5>\n\n\n                        \n                            <span class=\"project_category\"  >\n    Leuchtmittel (vormals Gl\u00fchbirnen)    <\/span>\n\n                                    <\/div>\n            <\/div>\n\n            \n            <span class='feature_holder'>\n                <span class=\"feature_holder_icons\">\n\n                            <a itemprop='image' class='lightbox qbutton small white' title='SOFFITTEN UND LINIENLAMPEN' href='https:\/\/www.noserlight.ch\/home\/wp-content\/uploads\/2023\/01\/DECOR_WALTHER_Omegajpg.jpg' data-rel='prettyPhoto[pretty_photo_gallery]'>zoom<\/a>\n    \n                            <a itemprop='url' class='preview qbutton small white' href='https:\/\/www.noserlight.ch\/home\/portfolio_page\/soffitten-und-linienlampen\/' target='_self'>view<\/i><\/a>\n    \n                                    <\/span>\n            <\/span>\n\n            \n        <\/span>\n    <\/span>\n<\/span>\n\n    <\/article><article class='portfolio_masonry_item portfolio_category_2354 portfolio_category_149 default'>\n    \n    \n    \n    <div class='image_holder'>\n        <a itemprop='url' class='portfolio_link_for_touch' href='https:\/\/www.noserlight.ch\/home\/portfolio_page\/icone-italienishes-design-als-art-director-der-atmosphaere\/' target=''>\n            \n<span class='image'><img loading=\"lazy\" decoding=\"async\" width=\"500\" height=\"500\" src=\"https:\/\/www.noserlight.ch\/home\/wp-content\/uploads\/2023\/11\/NOSERLIGHT_iCONE_Petra_LEDDeckenleuchteLEDWandleuchte-500x500.jpg\" class=\"attachment-portfolio_masonry_regular size-portfolio_masonry_regular wp-post-image\" alt=\"\" srcset=\"https:\/\/www.noserlight.ch\/home\/wp-content\/uploads\/2023\/11\/NOSERLIGHT_iCONE_Petra_LEDDeckenleuchteLEDWandleuchte-500x500.jpg 500w, https:\/\/www.noserlight.ch\/home\/wp-content\/uploads\/2023\/11\/NOSERLIGHT_iCONE_Petra_LEDDeckenleuchteLEDWandleuchte-150x150.jpg 150w, https:\/\/www.noserlight.ch\/home\/wp-content\/uploads\/2023\/11\/NOSERLIGHT_iCONE_Petra_LEDDeckenleuchteLEDWandleuchte-570x570.jpg 570w, https:\/\/www.noserlight.ch\/home\/wp-content\/uploads\/2023\/11\/NOSERLIGHT_iCONE_Petra_LEDDeckenleuchteLEDWandleuchte-650x650.jpg 650w\" sizes=\"auto, (max-width: 500px) 100vw, 500px\" \/><\/span>        <\/a>\n\n        <span class='text_holder'>\n    <span class='text_outer'>\n        <span class='text_inner'>\n            <div class=\"hover_feature_holder_title\">\n                <div class=\"hover_feature_holder_title_inner\">\n                    \n                        \n    <h5 itemprop=\"name\" class=\"portfolio_title entry_title\"><a itemprop=\"url\" href=\"https:\/\/www.noserlight.ch\/home\/portfolio_page\/icone-italienishes-design-als-art-director-der-atmosphaere\/\"  target=\"_self\"> iCone: ITALIENISHES DESIGN ALS ART DIRECTOR DER ATMOSPH\u00c4RE<\/a><\/h5>\n\n\n                        \n                            <span class=\"project_category\"  >\n    iCone, Lampen und Leuchten    <\/span>\n\n                                    <\/div>\n            <\/div>\n\n            \n            <span class='feature_holder'>\n                <span class=\"feature_holder_icons\">\n\n                            <a itemprop='image' class='lightbox qbutton small white' title='iCone: ITALIENISHES DESIGN ALS ART DIRECTOR DER ATMOSPH\u00c4RE' href='https:\/\/www.noserlight.ch\/home\/wp-content\/uploads\/2023\/11\/NOSERLIGHT_iCONE_Petra_LEDDeckenleuchteLEDWandleuchte.jpg' data-rel='prettyPhoto[pretty_photo_gallery]'>zoom<\/a>\n    \n                            <a itemprop='url' class='preview qbutton small white' href='https:\/\/www.noserlight.ch\/home\/portfolio_page\/icone-italienishes-design-als-art-director-der-atmosphaere\/' target='_self'>view<\/i><\/a>\n    \n                                    <\/span>\n            <\/span>\n\n            \n        <\/span>\n    <\/span>\n<\/span>\n\n    <\/article><article class='portfolio_masonry_item portfolio_category_2560 portfolio_category_149 default'>\n    \n    \n    \n    <div class='image_holder'>\n        <a itemprop='url' class='portfolio_link_for_touch' href='https:\/\/www.noserlight.ch\/home\/portfolio_page\/forlight-easy-light-2\/' target=''>\n            \n<span class='image'><img loading=\"lazy\" decoding=\"async\" width=\"500\" height=\"500\" src=\"https:\/\/www.noserlight.ch\/home\/wp-content\/uploads\/2023\/02\/FORLIGHT_Deckenleuchte_Fab-500x500.jpg\" class=\"attachment-portfolio_masonry_regular size-portfolio_masonry_regular wp-post-image\" alt=\"\" srcset=\"https:\/\/www.noserlight.ch\/home\/wp-content\/uploads\/2023\/02\/FORLIGHT_Deckenleuchte_Fab-500x500.jpg 500w, https:\/\/www.noserlight.ch\/home\/wp-content\/uploads\/2023\/02\/FORLIGHT_Deckenleuchte_Fab-300x300.jpg 300w, https:\/\/www.noserlight.ch\/home\/wp-content\/uploads\/2023\/02\/FORLIGHT_Deckenleuchte_Fab-1024x1024.jpg 1024w, https:\/\/www.noserlight.ch\/home\/wp-content\/uploads\/2023\/02\/FORLIGHT_Deckenleuchte_Fab-150x150.jpg 150w, https:\/\/www.noserlight.ch\/home\/wp-content\/uploads\/2023\/02\/FORLIGHT_Deckenleuchte_Fab-768x768.jpg 768w, https:\/\/www.noserlight.ch\/home\/wp-content\/uploads\/2023\/02\/FORLIGHT_Deckenleuchte_Fab-570x570.jpg 570w, https:\/\/www.noserlight.ch\/home\/wp-content\/uploads\/2023\/02\/FORLIGHT_Deckenleuchte_Fab-1000x1000.jpg 1000w, https:\/\/www.noserlight.ch\/home\/wp-content\/uploads\/2023\/02\/FORLIGHT_Deckenleuchte_Fab-700x700.jpg 700w, https:\/\/www.noserlight.ch\/home\/wp-content\/uploads\/2023\/02\/FORLIGHT_Deckenleuchte_Fab-650x650.jpg 650w, https:\/\/www.noserlight.ch\/home\/wp-content\/uploads\/2023\/02\/FORLIGHT_Deckenleuchte_Fab.jpg 1080w\" sizes=\"auto, (max-width: 500px) 100vw, 500px\" \/><\/span>        <\/a>\n\n        <span class='text_holder'>\n    <span class='text_outer'>\n        <span class='text_inner'>\n            <div class=\"hover_feature_holder_title\">\n                <div class=\"hover_feature_holder_title_inner\">\n                    \n                        \n    <h5 itemprop=\"name\" class=\"portfolio_title entry_title\"><a itemprop=\"url\" href=\"https:\/\/www.noserlight.ch\/home\/portfolio_page\/forlight-easy-light-2\/\"  target=\"_self\"> FORLIGHT, EASY LIGHT!<\/a><\/h5>\n\n\n                        \n                            <span class=\"project_category\"  >\n    FORLIGHT, Lampen und Leuchten    <\/span>\n\n                                    <\/div>\n            <\/div>\n\n            \n            <span class='feature_holder'>\n                <span class=\"feature_holder_icons\">\n\n                            <a itemprop='image' class='lightbox qbutton small white' title='FORLIGHT, EASY LIGHT!' href='https:\/\/www.noserlight.ch\/home\/wp-content\/uploads\/2023\/02\/FORLIGHT_Deckenleuchte_Fab.jpg' data-rel='prettyPhoto[pretty_photo_gallery]'>zoom<\/a>\n    \n                            <a itemprop='url' class='preview qbutton small white' href='https:\/\/www.noserlight.ch\/home\/portfolio_page\/forlight-easy-light-2\/' target='_self'>view<\/i><\/a>\n    \n                                    <\/span>\n            <\/span>\n\n            \n        <\/span>\n    <\/span>\n<\/span>\n\n    <\/article><article class='portfolio_masonry_item portfolio_category_149 portfolio_category_2540 default'>\n    \n    \n    \n    <div class='image_holder'>\n        <a itemprop='url' class='portfolio_link_for_touch' href='https:\/\/www.noserlight.ch\/home\/portfolio_page\/rotaliana-tradition-schoenheit-und-geheimnisse-eine-alten-gebiets\/' target=''>\n            \n<span class='image'><img loading=\"lazy\" decoding=\"async\" width=\"500\" height=\"500\" src=\"https:\/\/www.noserlight.ch\/home\/wp-content\/uploads\/2023\/02\/ROTALIANA_Squiggle-500x500.jpg\" class=\"attachment-portfolio_masonry_regular size-portfolio_masonry_regular wp-post-image\" alt=\"\" srcset=\"https:\/\/www.noserlight.ch\/home\/wp-content\/uploads\/2023\/02\/ROTALIANA_Squiggle-500x500.jpg 500w, https:\/\/www.noserlight.ch\/home\/wp-content\/uploads\/2023\/02\/ROTALIANA_Squiggle-300x300.jpg 300w, https:\/\/www.noserlight.ch\/home\/wp-content\/uploads\/2023\/02\/ROTALIANA_Squiggle-1024x1024.jpg 1024w, https:\/\/www.noserlight.ch\/home\/wp-content\/uploads\/2023\/02\/ROTALIANA_Squiggle-150x150.jpg 150w, https:\/\/www.noserlight.ch\/home\/wp-content\/uploads\/2023\/02\/ROTALIANA_Squiggle-768x768.jpg 768w, https:\/\/www.noserlight.ch\/home\/wp-content\/uploads\/2023\/02\/ROTALIANA_Squiggle-570x570.jpg 570w, https:\/\/www.noserlight.ch\/home\/wp-content\/uploads\/2023\/02\/ROTALIANA_Squiggle-1000x1000.jpg 1000w, https:\/\/www.noserlight.ch\/home\/wp-content\/uploads\/2023\/02\/ROTALIANA_Squiggle-700x700.jpg 700w, https:\/\/www.noserlight.ch\/home\/wp-content\/uploads\/2023\/02\/ROTALIANA_Squiggle-650x650.jpg 650w, https:\/\/www.noserlight.ch\/home\/wp-content\/uploads\/2023\/02\/ROTALIANA_Squiggle.jpg 1080w\" sizes=\"auto, (max-width: 500px) 100vw, 500px\" \/><\/span>        <\/a>\n\n        <span class='text_holder'>\n    <span class='text_outer'>\n        <span class='text_inner'>\n            <div class=\"hover_feature_holder_title\">\n                <div class=\"hover_feature_holder_title_inner\">\n                    \n                        \n    <h5 itemprop=\"name\" class=\"portfolio_title entry_title\"><a itemprop=\"url\" href=\"https:\/\/www.noserlight.ch\/home\/portfolio_page\/rotaliana-tradition-schoenheit-und-geheimnisse-eine-alten-gebiets\/\"  target=\"_self\"> ROTALIANA &#8211; TRADITION, SCH\u00d6NHEIT UND GEHEIMNISSE EINE ALTEN GEBIETS<\/a><\/h5>\n\n\n                        \n                            <span class=\"project_category\"  >\n    Lampen und Leuchten, Rotaliana    <\/span>\n\n                                    <\/div>\n            <\/div>\n\n            \n            <span class='feature_holder'>\n                <span class=\"feature_holder_icons\">\n\n                            <a itemprop='image' class='lightbox qbutton small white' title='ROTALIANA &#8211; TRADITION, SCH\u00d6NHEIT UND GEHEIMNISSE EINE ALTEN GEBIETS' href='https:\/\/www.noserlight.ch\/home\/wp-content\/uploads\/2023\/02\/ROTALIANA_Squiggle.jpg' data-rel='prettyPhoto[pretty_photo_gallery]'>zoom<\/a>\n    \n                            <a itemprop='url' class='preview qbutton small white' href='https:\/\/www.noserlight.ch\/home\/portfolio_page\/rotaliana-tradition-schoenheit-und-geheimnisse-eine-alten-gebiets\/' target='_self'>view<\/i><\/a>\n    \n                                    <\/span>\n            <\/span>\n\n            \n        <\/span>\n    <\/span>\n<\/span>\n\n    <\/article><article class='portfolio_masonry_item portfolio_category_2536 portfolio_category_149 default'>\n    \n    \n    \n    <div class='image_holder'>\n        <a itemprop='url' class='portfolio_link_for_touch' href='https:\/\/www.noserlight.ch\/home\/portfolio_page\/bover-barcelona-lights\/' target=''>\n            \n<span class='image'><img loading=\"lazy\" decoding=\"async\" width=\"500\" height=\"500\" src=\"https:\/\/www.noserlight.ch\/home\/wp-content\/uploads\/2023\/01\/BOVER_NansPendelleuchte-500x500.jpg\" class=\"attachment-portfolio_masonry_regular size-portfolio_masonry_regular wp-post-image\" alt=\"\" srcset=\"https:\/\/www.noserlight.ch\/home\/wp-content\/uploads\/2023\/01\/BOVER_NansPendelleuchte-500x500.jpg 500w, https:\/\/www.noserlight.ch\/home\/wp-content\/uploads\/2023\/01\/BOVER_NansPendelleuchte-300x300.jpg 300w, https:\/\/www.noserlight.ch\/home\/wp-content\/uploads\/2023\/01\/BOVER_NansPendelleuchte-1024x1024.jpg 1024w, https:\/\/www.noserlight.ch\/home\/wp-content\/uploads\/2023\/01\/BOVER_NansPendelleuchte-150x150.jpg 150w, https:\/\/www.noserlight.ch\/home\/wp-content\/uploads\/2023\/01\/BOVER_NansPendelleuchte-768x768.jpg 768w, https:\/\/www.noserlight.ch\/home\/wp-content\/uploads\/2023\/01\/BOVER_NansPendelleuchte-570x570.jpg 570w, https:\/\/www.noserlight.ch\/home\/wp-content\/uploads\/2023\/01\/BOVER_NansPendelleuchte-1000x1000.jpg 1000w, https:\/\/www.noserlight.ch\/home\/wp-content\/uploads\/2023\/01\/BOVER_NansPendelleuchte-700x700.jpg 700w, https:\/\/www.noserlight.ch\/home\/wp-content\/uploads\/2023\/01\/BOVER_NansPendelleuchte-650x650.jpg 650w, https:\/\/www.noserlight.ch\/home\/wp-content\/uploads\/2023\/01\/BOVER_NansPendelleuchte.jpg 1080w\" sizes=\"auto, (max-width: 500px) 100vw, 500px\" \/><\/span>        <\/a>\n\n        <span class='text_holder'>\n    <span class='text_outer'>\n        <span class='text_inner'>\n            <div class=\"hover_feature_holder_title\">\n                <div class=\"hover_feature_holder_title_inner\">\n                    \n                        \n    <h5 itemprop=\"name\" class=\"portfolio_title entry_title\"><a itemprop=\"url\" href=\"https:\/\/www.noserlight.ch\/home\/portfolio_page\/bover-barcelona-lights\/\"  target=\"_self\"> BOVER \u2013 BARCELONA LIGHTS<\/a><\/h5>\n\n\n                        \n                            <span class=\"project_category\"  >\n    Bover, Lampen und Leuchten    <\/span>\n\n                                    <\/div>\n            <\/div>\n\n            \n            <span class='feature_holder'>\n                <span class=\"feature_holder_icons\">\n\n                            <a itemprop='image' class='lightbox qbutton small white' title='BOVER \u2013 BARCELONA LIGHTS' href='https:\/\/www.noserlight.ch\/home\/wp-content\/uploads\/2023\/01\/BOVER_NansPendelleuchte.jpg' data-rel='prettyPhoto[pretty_photo_gallery]'>zoom<\/a>\n    \n                            <a itemprop='url' class='preview qbutton small white' href='https:\/\/www.noserlight.ch\/home\/portfolio_page\/bover-barcelona-lights\/' target='_self'>view<\/i><\/a>\n    \n                                    <\/span>\n            <\/span>\n\n            \n        <\/span>\n    <\/span>\n<\/span>\n\n    <\/article><article class='portfolio_masonry_item portfolio_category_2514 portfolio_category_149 default'>\n    \n    \n    \n    <div class='image_holder'>\n        <a itemprop='url' class='portfolio_link_for_touch' href='https:\/\/www.noserlight.ch\/home\/portfolio_page\/knapstein-leuchten-german-handmade-quality\/' target=''>\n            \n<span class='image'><img loading=\"lazy\" decoding=\"async\" width=\"500\" height=\"500\" src=\"https:\/\/www.noserlight.ch\/home\/wp-content\/uploads\/2023\/01\/KNAPSTEIN_Pendelleuchte-500x500.jpg\" class=\"attachment-portfolio_masonry_regular size-portfolio_masonry_regular wp-post-image\" alt=\"\" srcset=\"https:\/\/www.noserlight.ch\/home\/wp-content\/uploads\/2023\/01\/KNAPSTEIN_Pendelleuchte-500x500.jpg 500w, https:\/\/www.noserlight.ch\/home\/wp-content\/uploads\/2023\/01\/KNAPSTEIN_Pendelleuchte-300x300.jpg 300w, https:\/\/www.noserlight.ch\/home\/wp-content\/uploads\/2023\/01\/KNAPSTEIN_Pendelleuchte-1024x1024.jpg 1024w, https:\/\/www.noserlight.ch\/home\/wp-content\/uploads\/2023\/01\/KNAPSTEIN_Pendelleuchte-150x150.jpg 150w, https:\/\/www.noserlight.ch\/home\/wp-content\/uploads\/2023\/01\/KNAPSTEIN_Pendelleuchte-768x768.jpg 768w, https:\/\/www.noserlight.ch\/home\/wp-content\/uploads\/2023\/01\/KNAPSTEIN_Pendelleuchte-570x570.jpg 570w, https:\/\/www.noserlight.ch\/home\/wp-content\/uploads\/2023\/01\/KNAPSTEIN_Pendelleuchte-1000x1000.jpg 1000w, https:\/\/www.noserlight.ch\/home\/wp-content\/uploads\/2023\/01\/KNAPSTEIN_Pendelleuchte-700x700.jpg 700w, https:\/\/www.noserlight.ch\/home\/wp-content\/uploads\/2023\/01\/KNAPSTEIN_Pendelleuchte-650x650.jpg 650w, https:\/\/www.noserlight.ch\/home\/wp-content\/uploads\/2023\/01\/KNAPSTEIN_Pendelleuchte.jpg 1080w\" sizes=\"auto, (max-width: 500px) 100vw, 500px\" \/><\/span>        <\/a>\n\n        <span class='text_holder'>\n    <span class='text_outer'>\n        <span class='text_inner'>\n            <div class=\"hover_feature_holder_title\">\n                <div class=\"hover_feature_holder_title_inner\">\n                    \n                        \n    <h5 itemprop=\"name\" class=\"portfolio_title entry_title\"><a itemprop=\"url\" href=\"https:\/\/www.noserlight.ch\/home\/portfolio_page\/knapstein-leuchten-german-handmade-quality\/\"  target=\"_self\"> KNAPSTEIN LEUCHTEN &#8211; GERMAN HANDMADE QUALITY<\/a><\/h5>\n\n\n                        \n                            <span class=\"project_category\"  >\n    Knapstein, Lampen und Leuchten    <\/span>\n\n                                    <\/div>\n            <\/div>\n\n            \n            <span class='feature_holder'>\n                <span class=\"feature_holder_icons\">\n\n                            <a itemprop='image' class='lightbox qbutton small white' title='KNAPSTEIN LEUCHTEN &#8211; GERMAN HANDMADE QUALITY' href='https:\/\/www.noserlight.ch\/home\/wp-content\/uploads\/2023\/01\/KNAPSTEIN_Pendelleuchte.jpg' data-rel='prettyPhoto[pretty_photo_gallery]'>zoom<\/a>\n    \n                            <a itemprop='url' class='preview qbutton small white' href='https:\/\/www.noserlight.ch\/home\/portfolio_page\/knapstein-leuchten-german-handmade-quality\/' target='_self'>view<\/i><\/a>\n    \n                                    <\/span>\n            <\/span>\n\n            \n        <\/span>\n    <\/span>\n<\/span>\n\n    <\/article><article class='portfolio_masonry_item portfolio_category_2354 portfolio_category_149 portfolio_category_2427 portfolio_category_2426 portfolio_category_2353 default'>\n    \n    \n    \n    <div class='image_holder'>\n        <a itemprop='url' class='portfolio_link_for_touch' href='https:\/\/www.noserlight.ch\/home\/portfolio_page\/smartegrundbeleuchtungmiteinbauleuchten\/' target=''>\n            \n<span class='image'><img loading=\"lazy\" decoding=\"async\" width=\"500\" height=\"500\" src=\"https:\/\/www.noserlight.ch\/home\/wp-content\/uploads\/2023\/02\/NOSERLIGHT_LEDEinbauleuchtenKonferenz-500x500.jpg\" class=\"attachment-portfolio_masonry_regular size-portfolio_masonry_regular wp-post-image\" alt=\"\" srcset=\"https:\/\/www.noserlight.ch\/home\/wp-content\/uploads\/2023\/02\/NOSERLIGHT_LEDEinbauleuchtenKonferenz-500x500.jpg 500w, https:\/\/www.noserlight.ch\/home\/wp-content\/uploads\/2023\/02\/NOSERLIGHT_LEDEinbauleuchtenKonferenz-300x300.jpg 300w, https:\/\/www.noserlight.ch\/home\/wp-content\/uploads\/2023\/02\/NOSERLIGHT_LEDEinbauleuchtenKonferenz-1024x1024.jpg 1024w, https:\/\/www.noserlight.ch\/home\/wp-content\/uploads\/2023\/02\/NOSERLIGHT_LEDEinbauleuchtenKonferenz-150x150.jpg 150w, https:\/\/www.noserlight.ch\/home\/wp-content\/uploads\/2023\/02\/NOSERLIGHT_LEDEinbauleuchtenKonferenz-768x768.jpg 768w, https:\/\/www.noserlight.ch\/home\/wp-content\/uploads\/2023\/02\/NOSERLIGHT_LEDEinbauleuchtenKonferenz-570x570.jpg 570w, https:\/\/www.noserlight.ch\/home\/wp-content\/uploads\/2023\/02\/NOSERLIGHT_LEDEinbauleuchtenKonferenz-1000x1000.jpg 1000w, https:\/\/www.noserlight.ch\/home\/wp-content\/uploads\/2023\/02\/NOSERLIGHT_LEDEinbauleuchtenKonferenz-700x700.jpg 700w, https:\/\/www.noserlight.ch\/home\/wp-content\/uploads\/2023\/02\/NOSERLIGHT_LEDEinbauleuchtenKonferenz-650x650.jpg 650w, https:\/\/www.noserlight.ch\/home\/wp-content\/uploads\/2023\/02\/NOSERLIGHT_LEDEinbauleuchtenKonferenz.jpg 1080w\" sizes=\"auto, (max-width: 500px) 100vw, 500px\" \/><\/span>        <\/a>\n\n        <span class='text_holder'>\n    <span class='text_outer'>\n        <span class='text_inner'>\n            <div class=\"hover_feature_holder_title\">\n                <div class=\"hover_feature_holder_title_inner\">\n                    \n                        \n    <h5 itemprop=\"name\" class=\"portfolio_title entry_title\"><a itemprop=\"url\" href=\"https:\/\/www.noserlight.ch\/home\/portfolio_page\/smartegrundbeleuchtungmiteinbauleuchten\/\"  target=\"_self\"> Smarte Grundbeleuchtung mit Einbauleuchten<\/a><\/h5>\n\n\n                        \n                            <span class=\"project_category\"  >\n    iCone, Lampen und Leuchten, LED Einbauleuchten, LedsC4, OLIGO    <\/span>\n\n                                    <\/div>\n            <\/div>\n\n            \n            <span class='feature_holder'>\n                <span class=\"feature_holder_icons\">\n\n                            <a itemprop='image' class='lightbox qbutton small white' title='Smarte Grundbeleuchtung mit Einbauleuchten' href='https:\/\/www.noserlight.ch\/home\/wp-content\/uploads\/2023\/02\/NOSERLIGHT_LEDEinbauleuchtenKonferenz.jpg' data-rel='prettyPhoto[pretty_photo_gallery]'>zoom<\/a>\n    \n                            <a itemprop='url' class='preview qbutton small white' href='https:\/\/www.noserlight.ch\/home\/portfolio_page\/smartegrundbeleuchtungmiteinbauleuchten\/' target='_self'>view<\/i><\/a>\n    \n                                    <\/span>\n            <\/span>\n\n            \n        <\/span>\n    <\/span>\n<\/span>\n\n    <\/article><article class='portfolio_masonry_item portfolio_category_2584 portfolio_category_149 default'>\n    \n    \n    \n    <div class='image_holder'>\n        <a itemprop='url' class='portfolio_link_for_touch' href='https:\/\/www.noserlight.ch\/home\/portfolio_page\/decor-walther-zeitlos-schoen\/' target=''>\n            \n<span class='image'><img loading=\"lazy\" decoding=\"async\" width=\"500\" height=\"500\" src=\"https:\/\/www.noserlight.ch\/home\/wp-content\/uploads\/2023\/11\/NOSERLIGHT_DecorWaltherManhatan-500x500.jpg\" class=\"attachment-portfolio_masonry_regular size-portfolio_masonry_regular wp-post-image\" alt=\"\" srcset=\"https:\/\/www.noserlight.ch\/home\/wp-content\/uploads\/2023\/11\/NOSERLIGHT_DecorWaltherManhatan-500x500.jpg 500w, https:\/\/www.noserlight.ch\/home\/wp-content\/uploads\/2023\/11\/NOSERLIGHT_DecorWaltherManhatan-300x300.jpg 300w, https:\/\/www.noserlight.ch\/home\/wp-content\/uploads\/2023\/11\/NOSERLIGHT_DecorWaltherManhatan-1024x1024.jpg 1024w, https:\/\/www.noserlight.ch\/home\/wp-content\/uploads\/2023\/11\/NOSERLIGHT_DecorWaltherManhatan-150x150.jpg 150w, https:\/\/www.noserlight.ch\/home\/wp-content\/uploads\/2023\/11\/NOSERLIGHT_DecorWaltherManhatan-768x768.jpg 768w, https:\/\/www.noserlight.ch\/home\/wp-content\/uploads\/2023\/11\/NOSERLIGHT_DecorWaltherManhatan-570x570.jpg 570w, https:\/\/www.noserlight.ch\/home\/wp-content\/uploads\/2023\/11\/NOSERLIGHT_DecorWaltherManhatan-1000x1000.jpg 1000w, https:\/\/www.noserlight.ch\/home\/wp-content\/uploads\/2023\/11\/NOSERLIGHT_DecorWaltherManhatan-700x700.jpg 700w, https:\/\/www.noserlight.ch\/home\/wp-content\/uploads\/2023\/11\/NOSERLIGHT_DecorWaltherManhatan-650x650.jpg 650w, https:\/\/www.noserlight.ch\/home\/wp-content\/uploads\/2023\/11\/NOSERLIGHT_DecorWaltherManhatan.jpg 1080w\" sizes=\"auto, (max-width: 500px) 100vw, 500px\" \/><\/span>        <\/a>\n\n        <span class='text_holder'>\n    <span class='text_outer'>\n        <span class='text_inner'>\n            <div class=\"hover_feature_holder_title\">\n                <div class=\"hover_feature_holder_title_inner\">\n                    \n                        \n    <h5 itemprop=\"name\" class=\"portfolio_title entry_title\"><a itemprop=\"url\" href=\"https:\/\/www.noserlight.ch\/home\/portfolio_page\/decor-walther-zeitlos-schoen\/\"  target=\"_self\"> DECOR WALTHER: ZEITLOS SCH\u00d6N.<\/a><\/h5>\n\n\n                        \n                            <span class=\"project_category\"  >\n    Decor Walther, Lampen und Leuchten    <\/span>\n\n                                    <\/div>\n            <\/div>\n\n            \n            <span class='feature_holder'>\n                <span class=\"feature_holder_icons\">\n\n                            <a itemprop='image' class='lightbox qbutton small white' title='DECOR WALTHER: ZEITLOS SCH\u00d6N.' href='https:\/\/www.noserlight.ch\/home\/wp-content\/uploads\/2023\/11\/NOSERLIGHT_DecorWaltherManhatan.jpg' data-rel='prettyPhoto[pretty_photo_gallery]'>zoom<\/a>\n    \n                            <a itemprop='url' class='preview qbutton small white' href='https:\/\/www.noserlight.ch\/home\/portfolio_page\/decor-walther-zeitlos-schoen\/' target='_self'>view<\/i><\/a>\n    \n                                    <\/span>\n            <\/span>\n\n            \n        <\/span>\n    <\/span>\n<\/span>\n\n    <\/article><article class='portfolio_masonry_item portfolio_category_2580 portfolio_category_149 default'>\n    \n    \n    \n    <div class='image_holder'>\n        <a itemprop='url' class='portfolio_link_for_touch' href='https:\/\/www.noserlight.ch\/home\/portfolio_page\/eglo-mein-stil-mein-licht\/' target=''>\n            \n<span class='image'><img loading=\"lazy\" decoding=\"async\" width=\"500\" height=\"500\" src=\"https:\/\/www.noserlight.ch\/home\/wp-content\/uploads\/2023\/02\/EGLO_Rost_Tischleuchte-500x500.jpg\" class=\"attachment-portfolio_masonry_regular size-portfolio_masonry_regular wp-post-image\" alt=\"\" srcset=\"https:\/\/www.noserlight.ch\/home\/wp-content\/uploads\/2023\/02\/EGLO_Rost_Tischleuchte-500x500.jpg 500w, https:\/\/www.noserlight.ch\/home\/wp-content\/uploads\/2023\/02\/EGLO_Rost_Tischleuchte-300x300.jpg 300w, https:\/\/www.noserlight.ch\/home\/wp-content\/uploads\/2023\/02\/EGLO_Rost_Tischleuchte-1024x1024.jpg 1024w, https:\/\/www.noserlight.ch\/home\/wp-content\/uploads\/2023\/02\/EGLO_Rost_Tischleuchte-150x150.jpg 150w, https:\/\/www.noserlight.ch\/home\/wp-content\/uploads\/2023\/02\/EGLO_Rost_Tischleuchte-768x768.jpg 768w, https:\/\/www.noserlight.ch\/home\/wp-content\/uploads\/2023\/02\/EGLO_Rost_Tischleuchte-570x570.jpg 570w, https:\/\/www.noserlight.ch\/home\/wp-content\/uploads\/2023\/02\/EGLO_Rost_Tischleuchte-1000x1000.jpg 1000w, https:\/\/www.noserlight.ch\/home\/wp-content\/uploads\/2023\/02\/EGLO_Rost_Tischleuchte-700x700.jpg 700w, https:\/\/www.noserlight.ch\/home\/wp-content\/uploads\/2023\/02\/EGLO_Rost_Tischleuchte-650x650.jpg 650w, https:\/\/www.noserlight.ch\/home\/wp-content\/uploads\/2023\/02\/EGLO_Rost_Tischleuchte.jpg 1080w\" sizes=\"auto, (max-width: 500px) 100vw, 500px\" \/><\/span>        <\/a>\n\n        <span class='text_holder'>\n    <span class='text_outer'>\n        <span class='text_inner'>\n            <div class=\"hover_feature_holder_title\">\n                <div class=\"hover_feature_holder_title_inner\">\n                    \n                        \n    <h5 itemprop=\"name\" class=\"portfolio_title entry_title\"><a itemprop=\"url\" href=\"https:\/\/www.noserlight.ch\/home\/portfolio_page\/eglo-mein-stil-mein-licht\/\"  target=\"_self\"> EGLO: MEIN STIL. MEIN LICHT.<\/a><\/h5>\n\n\n                        \n                            <span class=\"project_category\"  >\n    EGLO, Lampen und Leuchten    <\/span>\n\n                                    <\/div>\n            <\/div>\n\n            \n            <span class='feature_holder'>\n                <span class=\"feature_holder_icons\">\n\n                            <a itemprop='image' class='lightbox qbutton small white' title='EGLO: MEIN STIL. MEIN LICHT.' href='https:\/\/www.noserlight.ch\/home\/wp-content\/uploads\/2023\/02\/EGLO_Rost_Tischleuchte.jpg' data-rel='prettyPhoto[pretty_photo_gallery]'>zoom<\/a>\n    \n                            <a itemprop='url' class='preview qbutton small white' href='https:\/\/www.noserlight.ch\/home\/portfolio_page\/eglo-mein-stil-mein-licht\/' target='_self'>view<\/i><\/a>\n    \n                                    <\/span>\n            <\/span>\n\n            \n        <\/span>\n    <\/span>\n<\/span>\n\n    <\/article>\n    <\/div>\n<\/div>[vc_separator type=&#8220;transparent&#8220; up=&#8220;20&#8243; down=&#8220;20&#8243;][\/vc_column][\/vc_row]<\/p>\n<\/div>","protected":false},"excerpt":{"rendered":"<p>[vc_row css_animation=&#8220;&#8220; row_type=&#8220;row&#8220; use_row_as_full_screen_section=&#8220;no&#8220; type=&#8220;grid&#8220; angled_section=&#8220;no&#8220; text_align=&#8220;left&#8220; background_image_as_pattern=&#8220;without_pattern&#8220; z_index=&#8220;&#8220;][vc_column][vc_separator type=&#8220;transparent&#8220; up=&#8220;30&#8243; down=&#8220;2&#8243;][vc_separator type=&#8220;transparent&#8220; up=&#8220;20&#8243; down=&#8220;20&#8243;][\/vc_column][\/vc_row]<\/p>\n","protected":false},"author":1,"featured_media":0,"parent":0,"menu_order":0,"comment_status":"closed","ping_status":"open","template":"full_width.php","meta":{"footnotes":""},"class_list":["post-14685","page","type-page","status-publish","hentry"],"yoast_head":"<!-- This site is optimized with the Yoast SEO plugin v27.0 - https:\/\/yoast.com\/product\/yoast-seo-wordpress\/ -->\r\n<title>Portfolio \u00dcbersicht - Noserlight AG, LED Leuchten und LED Lampen, LED, Licht, Lichtplanung<\/title>\r\n<meta name=\"robots\" content=\"index, follow, max-snippet:-1, max-image-preview:large, max-video-preview:-1\" \/>\r\n<link rel=\"canonical\" href=\"https:\/\/www.noserlight.ch\/home\/portfolio-masonry\/\" \/>\r\n<meta property=\"og:locale\" content=\"de_DE\" \/>\r\n<meta property=\"og:type\" content=\"article\" \/>\r\n<meta property=\"og:title\" content=\"Portfolio \u00dcbersicht - Noserlight AG, LED Leuchten und LED Lampen, LED, Licht, Lichtplanung\" \/>\r\n<meta property=\"og:description\" content=\"[vc_row css_animation=&#8220;&#8220; row_type=&#8220;row&#8220; use_row_as_full_screen_section=&#8220;no&#8220; type=&#8220;grid&#8220; angled_section=&#8220;no&#8220; text_align=&#8220;left&#8220; background_image_as_pattern=&#8220;without_pattern&#8220; z_index=&#8220;&#8220;][vc_column][vc_separator type=&#8220;transparent&#8220; up=&#8220;30&#8243; down=&#8220;2&#8243;][vc_separator type=&#8220;transparent&#8220; up=&#8220;20&#8243; down=&#8220;20&#8243;][\/vc_column][\/vc_row]\" \/>\r\n<meta property=\"og:url\" content=\"https:\/\/www.noserlight.ch\/home\/portfolio-masonry\/\" \/>\r\n<meta property=\"og:site_name\" content=\"Noserlight AG, LED Leuchten und LED Lampen, LED, Licht, Lichtplanung\" \/>\r\n<meta property=\"article:publisher\" content=\"https:\/\/www.facebook.com\/noserlight\/\" \/>\r\n<meta property=\"article:modified_time\" content=\"2024-05-15T20:04:43+00:00\" \/>\r\n<meta name=\"twitter:card\" content=\"summary_large_image\" \/>\r\n<script type=\"application\/ld+json\" class=\"yoast-schema-graph\">{\"@context\":\"https:\/\/schema.org\",\"@graph\":[{\"@type\":\"WebPage\",\"@id\":\"https:\/\/www.noserlight.ch\/home\/portfolio-masonry\/\",\"url\":\"https:\/\/www.noserlight.ch\/home\/portfolio-masonry\/\",\"name\":\"Portfolio \u00dcbersicht - Noserlight AG, LED Leuchten und LED Lampen, LED, Licht, Lichtplanung\",\"isPartOf\":{\"@id\":\"https:\/\/www.noserlight.ch\/home\/#website\"},\"datePublished\":\"2014-04-03T07:35:48+00:00\",\"dateModified\":\"2024-05-15T20:04:43+00:00\",\"breadcrumb\":{\"@id\":\"https:\/\/www.noserlight.ch\/home\/portfolio-masonry\/#breadcrumb\"},\"inLanguage\":\"de\",\"potentialAction\":[{\"@type\":\"ReadAction\",\"target\":[\"https:\/\/www.noserlight.ch\/home\/portfolio-masonry\/\"]}]},{\"@type\":\"BreadcrumbList\",\"@id\":\"https:\/\/www.noserlight.ch\/home\/portfolio-masonry\/#breadcrumb\",\"itemListElement\":[{\"@type\":\"ListItem\",\"position\":1,\"name\":\"Startseite\",\"item\":\"https:\/\/www.noserlight.ch\/home\/\"},{\"@type\":\"ListItem\",\"position\":2,\"name\":\"Portfolio \u00dcbersicht\"}]},{\"@type\":\"WebSite\",\"@id\":\"https:\/\/www.noserlight.ch\/home\/#website\",\"url\":\"https:\/\/www.noserlight.ch\/home\/\",\"name\":\"Noserlight AG, LED Leuchten und LED Lampen, LED, Licht, Lichtplanung\",\"description\":\"Bruchsch Liecht? D\u00e4 Nosi h\u00e4t&#039;s!\",\"publisher\":{\"@id\":\"https:\/\/www.noserlight.ch\/home\/#organization\"},\"potentialAction\":[{\"@type\":\"SearchAction\",\"target\":{\"@type\":\"EntryPoint\",\"urlTemplate\":\"https:\/\/www.noserlight.ch\/home\/?s={search_term_string}\"},\"query-input\":{\"@type\":\"PropertyValueSpecification\",\"valueRequired\":true,\"valueName\":\"search_term_string\"}}],\"inLanguage\":\"de\"},{\"@type\":\"Organization\",\"@id\":\"https:\/\/www.noserlight.ch\/home\/#organization\",\"name\":\"Noserlight AG, LED Leuchten und LED Lampen, LED, Licht, Lichtplanung\",\"url\":\"https:\/\/www.noserlight.ch\/home\/\",\"logo\":{\"@type\":\"ImageObject\",\"inLanguage\":\"de\",\"@id\":\"https:\/\/www.noserlight.ch\/home\/#\/schema\/logo\/image\/\",\"url\":\"https:\/\/www.noserlight.ch\/home\/wp-content\/uploads\/2022\/12\/NoserlightAG_Logo_mit_Schlirgg_NEU_1-1.png\",\"contentUrl\":\"https:\/\/www.noserlight.ch\/home\/wp-content\/uploads\/2022\/12\/NoserlightAG_Logo_mit_Schlirgg_NEU_1-1.png\",\"width\":482,\"height\":121,\"caption\":\"Noserlight AG, LED Leuchten und LED Lampen, LED, Licht, Lichtplanung\"},\"image\":{\"@id\":\"https:\/\/www.noserlight.ch\/home\/#\/schema\/logo\/image\/\"},\"sameAs\":[\"https:\/\/www.facebook.com\/noserlight\/\",\"https:\/\/www.instagram.com\/noserlight\/\"]}]}<\/script>\r\n<!-- \/ Yoast SEO plugin. -->","yoast_head_json":{"title":"Portfolio \u00dcbersicht - Noserlight AG, LED Leuchten und LED Lampen, LED, Licht, Lichtplanung","robots":{"index":"index","follow":"follow","max-snippet":"max-snippet:-1","max-image-preview":"max-image-preview:large","max-video-preview":"max-video-preview:-1"},"canonical":"https:\/\/www.noserlight.ch\/home\/portfolio-masonry\/","og_locale":"de_DE","og_type":"article","og_title":"Portfolio \u00dcbersicht - Noserlight AG, LED Leuchten und LED Lampen, LED, Licht, Lichtplanung","og_description":"[vc_row css_animation=&#8220;&#8220; row_type=&#8220;row&#8220; use_row_as_full_screen_section=&#8220;no&#8220; type=&#8220;grid&#8220; angled_section=&#8220;no&#8220; text_align=&#8220;left&#8220; background_image_as_pattern=&#8220;without_pattern&#8220; z_index=&#8220;&#8220;][vc_column][vc_separator type=&#8220;transparent&#8220; up=&#8220;30&#8243; down=&#8220;2&#8243;][vc_separator type=&#8220;transparent&#8220; up=&#8220;20&#8243; down=&#8220;20&#8243;][\/vc_column][\/vc_row]","og_url":"https:\/\/www.noserlight.ch\/home\/portfolio-masonry\/","og_site_name":"Noserlight AG, LED Leuchten und LED Lampen, LED, Licht, Lichtplanung","article_publisher":"https:\/\/www.facebook.com\/noserlight\/","article_modified_time":"2024-05-15T20:04:43+00:00","twitter_card":"summary_large_image","schema":{"@context":"https:\/\/schema.org","@graph":[{"@type":"WebPage","@id":"https:\/\/www.noserlight.ch\/home\/portfolio-masonry\/","url":"https:\/\/www.noserlight.ch\/home\/portfolio-masonry\/","name":"Portfolio \u00dcbersicht - Noserlight AG, LED Leuchten und LED Lampen, LED, Licht, Lichtplanung","isPartOf":{"@id":"https:\/\/www.noserlight.ch\/home\/#website"},"datePublished":"2014-04-03T07:35:48+00:00","dateModified":"2024-05-15T20:04:43+00:00","breadcrumb":{"@id":"https:\/\/www.noserlight.ch\/home\/portfolio-masonry\/#breadcrumb"},"inLanguage":"de","potentialAction":[{"@type":"ReadAction","target":["https:\/\/www.noserlight.ch\/home\/portfolio-masonry\/"]}]},{"@type":"BreadcrumbList","@id":"https:\/\/www.noserlight.ch\/home\/portfolio-masonry\/#breadcrumb","itemListElement":[{"@type":"ListItem","position":1,"name":"Startseite","item":"https:\/\/www.noserlight.ch\/home\/"},{"@type":"ListItem","position":2,"name":"Portfolio \u00dcbersicht"}]},{"@type":"WebSite","@id":"https:\/\/www.noserlight.ch\/home\/#website","url":"https:\/\/www.noserlight.ch\/home\/","name":"Noserlight AG, LED Leuchten und LED Lampen, LED, Licht, Lichtplanung","description":"Bruchsch Liecht? D\u00e4 Nosi h\u00e4t&#039;s!","publisher":{"@id":"https:\/\/www.noserlight.ch\/home\/#organization"},"potentialAction":[{"@type":"SearchAction","target":{"@type":"EntryPoint","urlTemplate":"https:\/\/www.noserlight.ch\/home\/?s={search_term_string}"},"query-input":{"@type":"PropertyValueSpecification","valueRequired":true,"valueName":"search_term_string"}}],"inLanguage":"de"},{"@type":"Organization","@id":"https:\/\/www.noserlight.ch\/home\/#organization","name":"Noserlight AG, LED Leuchten und LED Lampen, LED, Licht, Lichtplanung","url":"https:\/\/www.noserlight.ch\/home\/","logo":{"@type":"ImageObject","inLanguage":"de","@id":"https:\/\/www.noserlight.ch\/home\/#\/schema\/logo\/image\/","url":"https:\/\/www.noserlight.ch\/home\/wp-content\/uploads\/2022\/12\/NoserlightAG_Logo_mit_Schlirgg_NEU_1-1.png","contentUrl":"https:\/\/www.noserlight.ch\/home\/wp-content\/uploads\/2022\/12\/NoserlightAG_Logo_mit_Schlirgg_NEU_1-1.png","width":482,"height":121,"caption":"Noserlight AG, LED Leuchten und LED Lampen, LED, Licht, Lichtplanung"},"image":{"@id":"https:\/\/www.noserlight.ch\/home\/#\/schema\/logo\/image\/"},"sameAs":["https:\/\/www.facebook.com\/noserlight\/","https:\/\/www.instagram.com\/noserlight\/"]}]}},"_links":{"self":[{"href":"https:\/\/www.noserlight.ch\/home\/wp-json\/wp\/v2\/pages\/14685","targetHints":{"allow":["GET"]}}],"collection":[{"href":"https:\/\/www.noserlight.ch\/home\/wp-json\/wp\/v2\/pages"}],"about":[{"href":"https:\/\/www.noserlight.ch\/home\/wp-json\/wp\/v2\/types\/page"}],"author":[{"embeddable":true,"href":"https:\/\/www.noserlight.ch\/home\/wp-json\/wp\/v2\/users\/1"}],"replies":[{"embeddable":true,"href":"https:\/\/www.noserlight.ch\/home\/wp-json\/wp\/v2\/comments?post=14685"}],"version-history":[{"count":0,"href":"https:\/\/www.noserlight.ch\/home\/wp-json\/wp\/v2\/pages\/14685\/revisions"}],"wp:attachment":[{"href":"https:\/\/www.noserlight.ch\/home\/wp-json\/wp\/v2\/media?parent=14685"}],"curies":[{"name":"wp","href":"https:\/\/api.w.org\/{rel}","templated":true}]}}